{"id":3813,"date":"2024-09-24T10:36:42","date_gmt":"2024-09-24T10:36:42","guid":{"rendered":"http:\/\/dev.kontrollutvalg\/?page_id=3813"},"modified":"2025-11-04T07:38:05","modified_gmt":"2025-11-04T07:38:05","slug":"personvernerklaering","status":"publish","type":"page","link":"https:\/\/kusek.no\/se_sme\/personvernerklaering\/","title":{"rendered":"Personvernerkl\u00e6ring"},"content":{"rendered":"<div data-elementor-type=\"wp-page\" data-elementor-id=\"3813\" class=\"elementor elementor-3813\" data-elementor-post-type=\"page\">\n\t\t\t\t<div class=\"elementor-element elementor-element-977dc22 e-flex e-con-boxed e-con e-parent\" data-id=\"977dc22\" data-element_type=\"container\" data-e-type=\"container\">\n\t\t\t\t\t<div class=\"e-con-inner\">\n\t\t<div class=\"elementor-element elementor-element-d6034e9 e-con-full e-flex e-con e-child\" data-id=\"d6034e9\" data-element_type=\"container\" data-e-type=\"container\" data-settings=\"{&quot;background_background&quot;:&quot;classic&quot;}\">\n\t\t\t\t<div class=\"elementor-element elementor-element-54b7888 elementor-widget elementor-widget-heading\" data-id=\"54b7888\" data-element_type=\"widget\" data-e-type=\"widget\" data-widget_type=\"heading.default\">\n\t\t\t\t<div class=\"elementor-widget-container\">\n\t\t\t\t\t<h1 class=\"elementor-heading-title elementor-size-default\">Personvernerkl\u00e6ring for Kusek IKS<\/h1>\t\t\t\t<\/div>\n\t\t\t\t<\/div>\n\t\t\t\t<\/div>\n\t\t<div class=\"elementor-element elementor-element-4bdcce7 e-con-full e-flex e-con e-child\" data-id=\"4bdcce7\" data-element_type=\"container\" data-e-type=\"container\" data-settings=\"{&quot;background_background&quot;:&quot;classic&quot;}\">\n\t\t\t\t<div class=\"elementor-element elementor-element-7a6830e elementor-widget elementor-widget-text-editor\" data-id=\"7a6830e\" data-element_type=\"widget\" data-e-type=\"widget\" data-widget_type=\"text-editor.default\">\n\t\t\t\t<div class=\"elementor-widget-container\">\n\t\t\t\t\t\t\t\t\t<p><strong>Kontrollutvalgssekretariatet er ansvarlig for behandlingen av personopplysninger hos oss.\u00a0<\/strong><strong>Personvernerkl\u00e6ringen handler om hvordan vi i v\u00e5rt kontrollutvalgssekretariat tar imot og\u00a0<\/strong><strong>bruker informasjon om dere som kan identifiseres i v\u00e5re arkiv og datalagre. Erkl\u00e6ringen\u00a0<\/strong><strong>inneholder informasjon som du har krav p\u00e5 n\u00e5r det blir samlet inn eller vi mottar\u00a0<\/strong><strong>opplysninger gjennom v\u00e5r kontakt med kommuner, andre offentlige organer og private. Den\u00a0<\/strong><strong>gir ogs\u00e5 generell informasjon om hvordan vi behandler personopplysninger.<\/strong><\/p>\t\t\t\t\t\t\t\t<\/div>\n\t\t\t\t<\/div>\n\t\t\t\t<div class=\"elementor-element elementor-element-db04b4c elementor-widget elementor-widget-text-editor\" data-id=\"db04b4c\" data-element_type=\"widget\" data-e-type=\"widget\" data-widget_type=\"text-editor.default\">\n\t\t\t\t<div class=\"elementor-widget-container\">\n\t\t\t\t\t\t\t\t\t<p>Daglig leder ved kontrollutvalgssekretariatet er behandlingsansvarlig (controller) for virksomhetens behandling av personopplysninger. Det er frivillig for de som har kontakt med sekretariatet, eller med andre som uttaler seg p\u00e5 vegne av noen av v\u00e5re kontrollutvalg, \u00e5 oppgi personopplysninger i forbindelse med tjenester som \u00e5 motta informasjon, rettledning, mv.. fra oss. Grunnlaget for at vi skal kunne registrere\/behandle slike opplysninger er samtykke fra den enkelte, med mindre annet behandlingsgrunnlag er spesifisert.<\/p>\t\t\t\t\t\t\t\t<\/div>\n\t\t\t\t<\/div>\n\t\t\t\t<\/div>\n\t\t\t\t\t<\/div>\n\t\t\t\t<\/div>\n\t\t<div class=\"elementor-element elementor-element-3d18457 e-flex e-con-boxed e-con e-parent\" data-id=\"3d18457\" data-element_type=\"container\" data-e-type=\"container\">\n\t\t\t\t\t<div class=\"e-con-inner\">\n\t\t<div class=\"elementor-element elementor-element-217d60d e-con-full e-flex e-con e-child\" data-id=\"217d60d\" data-element_type=\"container\" data-e-type=\"container\" data-settings=\"{&quot;background_background&quot;:&quot;classic&quot;}\">\n\t\t\t\t<div class=\"elementor-element elementor-element-229acda elementor-widget elementor-widget-heading\" data-id=\"229acda\" data-element_type=\"widget\" data-e-type=\"widget\" data-widget_type=\"heading.default\">\n\t\t\t\t<div class=\"elementor-widget-container\">\n\t\t\t\t\t<h2 class=\"elementor-heading-title elementor-size-default\">1. Personopplysninger som kan bli registrert hos oss<\/h2>\t\t\t\t<\/div>\n\t\t\t\t<\/div>\n\t\t\t\t<\/div>\n\t\t<div class=\"elementor-element elementor-element-147b601 e-con-full e-flex e-con e-child\" data-id=\"147b601\" data-element_type=\"container\" data-e-type=\"container\" data-settings=\"{&quot;background_background&quot;:&quot;classic&quot;}\">\n\t\t\t\t<div class=\"elementor-element elementor-element-e1a90a1 elementor-widget elementor-widget-text-editor\" data-id=\"e1a90a1\" data-element_type=\"widget\" data-e-type=\"widget\" data-widget_type=\"text-editor.default\">\n\t\t\t\t<div class=\"elementor-widget-container\">\n\t\t\t\t\t\t\t\t\t<p>Det enkelte kontrollutvalg har en vid adgang til \u00e5 kreve informasjon, dvs. rett til \u00abenhver opplysning, redegj\u00f8relse eller ethvert dokument og foreta de unders\u00f8kelser som det finner n\u00f8dvendig..\u00bb (kommuneloven \u00a7 23-2 tredje ledd). I kraft av dette vil personopplysninger kunne bli registrert hos oss, ogs\u00e5 uten at de er innhentet av oss.<\/p>\t\t\t\t\t\t\t\t<\/div>\n\t\t\t\t<\/div>\n\t\t\t\t<div class=\"elementor-element elementor-element-90a23cb elementor-widget elementor-widget-text-editor\" data-id=\"90a23cb\" data-element_type=\"widget\" data-e-type=\"widget\" data-widget_type=\"text-editor.default\">\n\t\t\t\t<div class=\"elementor-widget-container\">\n\t\t\t\t\t\t\t\t\t<p>Denne personvernerkl\u00e6ringen retter seg mot v\u00e5r behandling av personopplysninger om f\u00f8lgende<br \/>personer:<\/p><ul><li>Personer som er involvert i saker som kontrollutvalgene behandler<\/li><li>Private som offentlig forvaltning har informasjon om gjennom ulike former for<br \/>sakstilknytning og v\u00e5re ansvarsfelt<\/li><li>Folkevalgte og ansatte i kommunene<\/li><li>Informanter som henvender seg til oss i anledning v\u00e5r virksomhet<\/li><li>Eksterne varslere i kommunale organ<\/li><li>Andre personer som er omtalt i saksdokumenter eller annen skriftlig informasjon som<br \/>vi f\u00e5r tilgang til<\/li><\/ul>\t\t\t\t\t\t\t\t<\/div>\n\t\t\t\t<\/div>\n\t\t\t\t<div class=\"elementor-element elementor-element-ff63e79 elementor-widget elementor-widget-text-editor\" data-id=\"ff63e79\" data-element_type=\"widget\" data-e-type=\"widget\" data-widget_type=\"text-editor.default\">\n\t\t\t\t<div class=\"elementor-widget-container\">\n\t\t\t\t\t\t\t\t\t<p>Enkeltpersoner som det behandles personopplysninger om benevnes som \u00abden registrerte\u00bb (data subject). Uavhengig av om opplysningene om deg er \u00e5pne for offentlig innsyn eller taushetsbelagte, slik at de ikke blir meddelt andre, s\u00e5 vil kontrollutvalgssekretariatet i sitt arbeid for kontrollutvalgene i kommunene f\u00e5 tilgang til personopplysninger.<\/p><p>Definisjonen av personopplysninger er vid. Det trenger ikke v\u00e6re tale om noe som er personsensitivt, s\u00e5 som enkeltpersoners personlige egenskaper og bakgrunn.<\/p>\t\t\t\t\t\t\t\t<\/div>\n\t\t\t\t<\/div>\n\t\t\t\t<div class=\"elementor-element elementor-element-fd5beb8 elementor-widget elementor-widget-text-editor\" data-id=\"fd5beb8\" data-element_type=\"widget\" data-e-type=\"widget\" data-widget_type=\"text-editor.default\">\n\t\t\t\t<div class=\"elementor-widget-container\">\n\t\t\t\t\t\t\t\t\t<p>Personopplysninger er alt som direkte eller indirekte kan knyttes til en person, for eksempel:<\/p><ul><li>navn og telefonnummer<\/li><li>observert adferd hos personen<\/li><li>sporingsdata og IP-adresser som kan knyttes til personen<\/li><li>vurderinger og profiler av vedkommende<\/li><\/ul><p>Et annet n\u00f8kkelbegrep er \u00abProfilering\u00bb, dvs. sammenstilling og analyse av informasjon om personen, f.eks. hva han foretrekker, adferd, helse, hans\/hennes \u00f8konomiske situasjon, osv.<\/p>\t\t\t\t\t\t\t\t<\/div>\n\t\t\t\t<\/div>\n\t\t\t\t<\/div>\n\t\t\t\t\t<\/div>\n\t\t\t\t<\/div>\n\t\t<div class=\"elementor-element elementor-element-b38d3d9 e-flex e-con-boxed e-con e-parent\" data-id=\"b38d3d9\" data-element_type=\"container\" data-e-type=\"container\">\n\t\t\t\t\t<div class=\"e-con-inner\">\n\t\t<div class=\"elementor-element elementor-element-f071064 e-con-full e-flex e-con e-child\" data-id=\"f071064\" data-element_type=\"container\" data-e-type=\"container\" data-settings=\"{&quot;background_background&quot;:&quot;classic&quot;}\">\n\t\t\t\t<div class=\"elementor-element elementor-element-1c8710b elementor-widget elementor-widget-heading\" data-id=\"1c8710b\" data-element_type=\"widget\" data-e-type=\"widget\" data-widget_type=\"heading.default\">\n\t\t\t\t<div class=\"elementor-widget-container\">\n\t\t\t\t\t<h2 class=\"elementor-heading-title elementor-size-default\">2. Informasjonskapsler (cookies), statistikk og analyse<\/h2>\t\t\t\t<\/div>\n\t\t\t\t<\/div>\n\t\t\t\t<\/div>\n\t\t<div class=\"elementor-element elementor-element-d8c50c6 e-con-full e-flex e-con e-child\" data-id=\"d8c50c6\" data-element_type=\"container\" data-e-type=\"container\" data-settings=\"{&quot;background_background&quot;:&quot;classic&quot;}\">\n\t\t\t\t<div class=\"elementor-element elementor-element-7100c96 elementor-widget elementor-widget-text-editor\" data-id=\"7100c96\" data-element_type=\"widget\" data-e-type=\"widget\" data-widget_type=\"text-editor.default\">\n\t\t\t\t<div class=\"elementor-widget-container\">\n\t\t\t\t\t\t\t\t\t<p>P\u00e5 v\u00e5rt nettsted settes det kun teknisk n\u00f8dvendige informasjonskapsler som er knyttet til innlogging for administratorer. Det settes ingen cookies for analyseform\u00e5l eller markedsf\u00f8ring.<\/p>\t\t\t\t\t\t\t\t<\/div>\n\t\t\t\t<\/div>\n\t\t\t\t<div class=\"elementor-element elementor-element-8be5c82 elementor-widget elementor-widget-text-editor\" data-id=\"8be5c82\" data-element_type=\"widget\" data-e-type=\"widget\" data-widget_type=\"text-editor.default\">\n\t\t\t\t<div class=\"elementor-widget-container\">\n\t\t\t\t\t\t\t\t\t<p>For \u00e5 forst\u00e5 og forbedre bruken av nettstedet samler vi inn bes\u00f8ksstatistikk. Opplysningene omfatter blant annet anonymiserte IP-adresser, nettlesertype, henvisningsadresse (f.eks. hvilken side du kom fra), og hvilke sider som blir bes\u00f8kt.<\/p><ul><li>Det lagres ingen informasjonskapsler i forbindelse med denne statistikken.<\/li><li>Dataene lagres lokalt p\u00e5 v\u00e5r egen server og deles ikke med tredjeparter.<\/li><li>Behandlingen skjer med grunnlag i v\u00e5r berettigede interesse i \u00e5 forbedre og tilpasse nettstedet (jf. GDPR artikkel 6 (1) f).<\/li><\/ul>\t\t\t\t\t\t\t\t<\/div>\n\t\t\t\t<\/div>\n\t\t\t\t<\/div>\n\t\t\t\t\t<\/div>\n\t\t\t\t<\/div>\n\t\t<div class=\"elementor-element elementor-element-7a81da8 e-flex e-con-boxed e-con e-parent\" data-id=\"7a81da8\" data-element_type=\"container\" data-e-type=\"container\">\n\t\t\t\t\t<div class=\"e-con-inner\">\n\t\t<div class=\"elementor-element elementor-element-ad540ab e-con-full e-flex e-con e-child\" data-id=\"ad540ab\" data-element_type=\"container\" data-e-type=\"container\" data-settings=\"{&quot;background_background&quot;:&quot;classic&quot;}\">\n\t\t\t\t<div class=\"elementor-element elementor-element-98dc871 elementor-widget elementor-widget-heading\" data-id=\"98dc871\" data-element_type=\"widget\" data-e-type=\"widget\" data-widget_type=\"heading.default\">\n\t\t\t\t<div class=\"elementor-widget-container\">\n\t\t\t\t\t<h2 class=\"elementor-heading-title elementor-size-default\">3. Form\u00e5l, typer personopplysninger og rettslig grunnlag<\/h2>\t\t\t\t<\/div>\n\t\t\t\t<\/div>\n\t\t\t\t<\/div>\n\t\t<div class=\"elementor-element elementor-element-e3d6d46 e-con-full e-flex e-con e-child\" data-id=\"e3d6d46\" data-element_type=\"container\" data-e-type=\"container\" data-settings=\"{&quot;background_background&quot;:&quot;classic&quot;}\">\n\t\t\t\t<div class=\"elementor-element elementor-element-9d77674 elementor-widget elementor-widget-text-editor\" data-id=\"9d77674\" data-element_type=\"widget\" data-e-type=\"widget\" data-widget_type=\"text-editor.default\">\n\t\t\t\t<div class=\"elementor-widget-container\">\n\t\t\t\t\t\t\t\t\t<p>Gjennom v\u00e5re unders\u00f8kelser og kontakt med enkeltsaker, b\u00e5de som ledd i v\u00e5re selvstendige unders\u00f8kelser og gjennom arbeid som kommunens revisjon leverer p\u00e5 v\u00e5r bestilling, vil vi f\u00e5 tilgang til personopplysninger.<\/p><p>Et av v\u00e5re viktigste behandlingsgrunnlag vil normalt v\u00e6re at tilgangen til personopplysningene &laquo;er n\u00f8dvendig for \u00e5 utf\u00f8re en oppgave i offentlighetens interesse eller ut\u00f8ve offentlig myndighet&raquo;<\/p>\t\t\t\t\t\t\t\t<\/div>\n\t\t\t\t<\/div>\n\t\t\t\t<div class=\"elementor-element elementor-element-7710a96 elementor-widget elementor-widget-text-editor\" data-id=\"7710a96\" data-element_type=\"widget\" data-e-type=\"widget\" data-widget_type=\"text-editor.default\">\n\t\t\t\t<div class=\"elementor-widget-container\">\n\t\t\t\t\t\t\t\t\t<p><strong>Form\u00e5lsbegrensning:<\/strong><\/p><p>Personopplysninger skal samles inn for spesifikke, uttrykkelig angitte og<br \/>berettigede form\u00e5l og ikke videre behandles p\u00e5 en m\u00e5te som er uforenlig med disse form\u00e5lene.<br \/>(\u00abform\u00e5lsbegrensning\u00bb)<\/p>\t\t\t\t\t\t\t\t<\/div>\n\t\t\t\t<\/div>\n\t\t\t\t<div class=\"elementor-element elementor-element-ef56a19 elementor-widget elementor-widget-text-editor\" data-id=\"ef56a19\" data-element_type=\"widget\" data-e-type=\"widget\" data-widget_type=\"text-editor.default\">\n\t\t\t\t<div class=\"elementor-widget-container\">\n\t\t\t\t\t\t\t\t\t<p><strong>Saksh\u00e5ndtering:<\/strong><\/p><p>Enkelte saker inneb\u00e6rer at vi f\u00e5r tilgang til personopplysninger om parter eller<br \/>andre enkeltpersoner som ber\u00f8res av en sak eller en avgj\u00f8relse. Slike opplysninger kan<br \/>fremkomme av dokumenter som kommunens administrasjon oversender eller av annen<br \/>informasjon i anledning saken. I enkelte saker kan vi ogs\u00e5 f\u00e5 tilgang til sensitive<br \/>personopplysninger, f.eks. helseopplysninger eller straffedommer og lovovertredelser.<\/p><p><span style=\"text-decoration: underline;\">Behandlingsgrunnlaget<\/span> er v\u00e5r interesse i \u00e5 nyttiggj\u00f8re oss av informasjonen om enkeltpersoner i<br \/>v\u00e5rt arbeid med tilrettelegging av saken for kontrollutvalgene eller i v\u00e5r n\u00f8dvendige<br \/>kommunikasjon med andre organer.<\/p>\t\t\t\t\t\t\t\t<\/div>\n\t\t\t\t<\/div>\n\t\t\t\t<div class=\"elementor-element elementor-element-46b07c0 elementor-widget elementor-widget-text-editor\" data-id=\"46b07c0\" data-element_type=\"widget\" data-e-type=\"widget\" data-widget_type=\"text-editor.default\">\n\t\t\t\t<div class=\"elementor-widget-container\">\n\t\t\t\t\t\t\t\t\t<p><strong>Lagring og oppbevaring av saksdokumenter:<\/strong><\/p><p>Utfra arkivloven og arkivforskriften oppbevarer vi<br \/>arkivverdig materiale etter at saken er avsluttet. Lagring skjer ellers i et s\u00e5 langt tidsrom vi vurderer<br \/>som n\u00f8dvendig. Dette kan v\u00e6re av hensyn til v\u00e5r egen virksomhet, fordi en sak eller enkelte<br \/>sp\u00f8rsm\u00e5l igjen kan bli aktuelle, og av hensyn til \u00e5 etterg\u00e5 utvikling i praksis innen vedkommende<br \/>kommune etter en viss tid.<\/p>\t\t\t\t\t\t\t\t<\/div>\n\t\t\t\t<\/div>\n\t\t\t\t<div class=\"elementor-element elementor-element-f53068f elementor-widget elementor-widget-text-editor\" data-id=\"f53068f\" data-element_type=\"widget\" data-e-type=\"widget\" data-widget_type=\"text-editor.default\">\n\t\t\t\t<div class=\"elementor-widget-container\">\n\t\t\t\t\t\t\t\t\t<p><strong>IT-drift og sikkerhet:<\/strong><\/p><p>Personopplysninger som er lagret i v\u00e5rt IT-system vil kunne v\u00e6re<br \/>tilgjengelige for oss eller for v\u00e5re leverand\u00f8rer i forbindelse med oppdatering av systemer,<br \/>implementering eller oppf\u00f8lging av sikkerhetstiltak, feilretting eller annet vedlikehold.<\/p>\t\t\t\t\t\t\t\t<\/div>\n\t\t\t\t<\/div>\n\t\t\t\t<\/div>\n\t\t\t\t\t<\/div>\n\t\t\t\t<\/div>\n\t\t<div class=\"elementor-element elementor-element-8a75f46 e-flex e-con-boxed e-con e-parent\" data-id=\"8a75f46\" data-element_type=\"container\" data-e-type=\"container\">\n\t\t\t\t\t<div class=\"e-con-inner\">\n\t\t<div class=\"elementor-element elementor-element-dfa806e e-con-full e-flex e-con e-child\" data-id=\"dfa806e\" data-element_type=\"container\" data-e-type=\"container\" data-settings=\"{&quot;background_background&quot;:&quot;classic&quot;}\">\n\t\t\t\t<div class=\"elementor-element elementor-element-72dc5b9 elementor-widget elementor-widget-heading\" data-id=\"72dc5b9\" data-element_type=\"widget\" data-e-type=\"widget\" data-widget_type=\"heading.default\">\n\t\t\t\t<div class=\"elementor-widget-container\">\n\t\t\t\t\t<h2 class=\"elementor-heading-title elementor-size-default\">4. Hvem vi deler personopplysninger med<\/h2>\t\t\t\t<\/div>\n\t\t\t\t<\/div>\n\t\t\t\t<\/div>\n\t\t<div class=\"elementor-element elementor-element-b2bc3fc e-con-full e-flex e-con e-child\" data-id=\"b2bc3fc\" data-element_type=\"container\" data-e-type=\"container\" data-settings=\"{&quot;background_background&quot;:&quot;classic&quot;}\">\n\t\t\t\t<div class=\"elementor-element elementor-element-a6094d7 elementor-widget elementor-widget-text-editor\" data-id=\"a6094d7\" data-element_type=\"widget\" data-e-type=\"widget\" data-widget_type=\"text-editor.default\">\n\t\t\t\t<div class=\"elementor-widget-container\">\n\t\t\t\t\t\t\t\t\t<p>V\u00e5re leverand\u00f8rer av IT-tjenester vil kunne ha tilgang til personopplysninger dersom<br \/>personopplysninger er lagret hos leverand\u00f8ren eller p\u00e5 annen m\u00e5te er tilgjengelig for leverand\u00f8ren<br \/>i henhold til kontrakten med oss.<\/p><p><strong>Databehandler<\/strong> (processor) behandler personopplysninger etter avtale med behandlingsansvarlige.<\/p><p>Leverand\u00f8rene opptrer i henhold til databehandleravtale og under v\u00e5r instruks. Leverand\u00f8ren kan bare benytte personopplysningene for de form\u00e5lene vi har bestemt og som er beskrevet i denne personvernerkl\u00e6ringen.<\/p><p>For kontrollutvalgenes sekretariat gjelder forvaltningslovens alminnelige bestemmelser som taushetsplikt, jfr. forvaltningsloven \u00a7\u00a7 13 flg., og kommuneloven \u00a7 23-2 tredje ledd, samt eventuelle<br \/>andre bestemmelser i spesiallovgivningen.<\/p><p>Vi utleverer ikke personopplysninger i andre tilfeller eller p\u00e5 andre m\u00e5ter enn dem som er beskrevet i denne personvernerkl\u00e6ringen med mindre personene det gjelder:<\/p><ul><li>eksplisitt oppfordrer til dette<\/li><li>samtykker til dette eller<\/li><li>utleveringen er lovp\u00e5lagt<\/li><\/ul>\t\t\t\t\t\t\t\t<\/div>\n\t\t\t\t<\/div>\n\t\t\t\t<\/div>\n\t\t\t\t\t<\/div>\n\t\t\t\t<\/div>\n\t\t<div class=\"elementor-element elementor-element-ba73530 e-flex e-con-boxed e-con e-parent\" data-id=\"ba73530\" data-element_type=\"container\" data-e-type=\"container\">\n\t\t\t\t\t<div class=\"e-con-inner\">\n\t\t<div class=\"elementor-element elementor-element-bc4c522 e-con-full e-flex e-con e-child\" data-id=\"bc4c522\" data-element_type=\"container\" data-e-type=\"container\" data-settings=\"{&quot;background_background&quot;:&quot;classic&quot;}\">\n\t\t\t\t<div class=\"elementor-element elementor-element-9861ca4 elementor-widget elementor-widget-heading\" data-id=\"9861ca4\" data-element_type=\"widget\" data-e-type=\"widget\" data-widget_type=\"heading.default\">\n\t\t\t\t<div class=\"elementor-widget-container\">\n\t\t\t\t\t<h2 class=\"elementor-heading-title elementor-size-default\">5. Lagring av personopplysninger <\/h2>\t\t\t\t<\/div>\n\t\t\t\t<\/div>\n\t\t\t\t<\/div>\n\t\t<div class=\"elementor-element elementor-element-132a402 e-con-full e-flex e-con e-child\" data-id=\"132a402\" data-element_type=\"container\" data-e-type=\"container\" data-settings=\"{&quot;background_background&quot;:&quot;classic&quot;}\">\n\t\t\t\t<div class=\"elementor-element elementor-element-f9e81e3 elementor-widget elementor-widget-text-editor\" data-id=\"f9e81e3\" data-element_type=\"widget\" data-e-type=\"widget\" data-widget_type=\"text-editor.default\">\n\t\t\t\t<div class=\"elementor-widget-container\">\n\t\t\t\t\t\t\t\t\t<p>Vi vil slette \/ anonymisere personopplysninger n\u00e5r:<\/p><ul><li>Opplysningene ikke lenger er n\u00f8dvendig for form\u00e5let<\/li><\/ul><p>Vi lagrer saksdokumenter i 25 \u00e5r, (f\u00f8r de sendes\/overf\u00f8res til arkiv for lagring).<\/p><p>Regnskapslovgivningen p\u00e5legger oss ellers \u00e5 lagre bestemte regnskapsdokumenter i et n\u00e6rmere<br \/>angitt tidsrom. N\u00e5r et bestemt form\u00e5l tilsier lagring i et gitt tidsrom, s\u00f8rger vi for at<br \/>personopplysningene utelukkende blir benyttet for det aktuelle form\u00e5let i dette tidsrommet.<\/p>\t\t\t\t\t\t\t\t<\/div>\n\t\t\t\t<\/div>\n\t\t\t\t<\/div>\n\t\t\t\t\t<\/div>\n\t\t\t\t<\/div>\n\t\t<div class=\"elementor-element elementor-element-b3dda50 e-flex e-con-boxed e-con e-parent\" data-id=\"b3dda50\" data-element_type=\"container\" data-e-type=\"container\">\n\t\t\t\t\t<div class=\"e-con-inner\">\n\t\t<div class=\"elementor-element elementor-element-c05143b e-con-full e-flex e-con e-child\" data-id=\"c05143b\" data-element_type=\"container\" data-e-type=\"container\" data-settings=\"{&quot;background_background&quot;:&quot;classic&quot;}\">\n\t\t\t\t<div class=\"elementor-element elementor-element-24af183 elementor-widget elementor-widget-heading\" data-id=\"24af183\" data-element_type=\"widget\" data-e-type=\"widget\" data-widget_type=\"heading.default\">\n\t\t\t\t<div class=\"elementor-widget-container\">\n\t\t\t\t\t<h2 class=\"elementor-heading-title elementor-size-default\">6. Personvernombud for kontrollutvalgssekretariatene<\/h2>\t\t\t\t<\/div>\n\t\t\t\t<\/div>\n\t\t\t\t<\/div>\n\t\t<div class=\"elementor-element elementor-element-23dba45 e-con-full e-flex e-con e-child\" data-id=\"23dba45\" data-element_type=\"container\" data-e-type=\"container\" data-settings=\"{&quot;background_background&quot;:&quot;classic&quot;}\">\n\t\t\t\t<div class=\"elementor-element elementor-element-ddde628 elementor-widget elementor-widget-text-editor\" data-id=\"ddde628\" data-element_type=\"widget\" data-e-type=\"widget\" data-widget_type=\"text-editor.default\">\n\t\t\t\t<div class=\"elementor-widget-container\">\n\t\t\t\t\t\t\t\t\t<p>V\u00e5rt personvernombud er seniorr\u00e5dgiver Tom \u00d8yvind Heitmann i Kusek IKS.<\/p><p>Kontaktinformasjon til personvernombudet:<br \/>Epost: <a href=\"mailto:tom.oyvind.heitmann@kusek.no\">tom.oyvind.heitmann@kusek.no<\/a><\/p>\t\t\t\t\t\t\t\t<\/div>\n\t\t\t\t<\/div>\n\t\t\t\t<\/div>\n\t\t\t\t\t<\/div>\n\t\t\t\t<\/div>\n\t\t<div class=\"elementor-element elementor-element-c52f5ed e-flex e-con-boxed e-con e-parent\" data-id=\"c52f5ed\" data-element_type=\"container\" data-e-type=\"container\">\n\t\t\t\t\t<div class=\"e-con-inner\">\n\t\t<div class=\"elementor-element elementor-element-4660c1d e-con-full e-flex e-con e-child\" data-id=\"4660c1d\" data-element_type=\"container\" data-e-type=\"container\" data-settings=\"{&quot;background_background&quot;:&quot;classic&quot;}\">\n\t\t\t\t<div class=\"elementor-element elementor-element-64c7ffc elementor-widget elementor-widget-heading\" data-id=\"64c7ffc\" data-element_type=\"widget\" data-e-type=\"widget\" data-widget_type=\"heading.default\">\n\t\t\t\t<div class=\"elementor-widget-container\">\n\t\t\t\t\t<h2 class=\"elementor-heading-title elementor-size-default\">7. Dine rettigheter<\/h2>\t\t\t\t<\/div>\n\t\t\t\t<\/div>\n\t\t\t\t<\/div>\n\t\t<div class=\"elementor-element elementor-element-f552e1d e-con-full e-flex e-con e-child\" data-id=\"f552e1d\" data-element_type=\"container\" data-e-type=\"container\" data-settings=\"{&quot;background_background&quot;:&quot;classic&quot;}\">\n\t\t\t\t<div class=\"elementor-element elementor-element-6c35b8a elementor-widget elementor-widget-text-editor\" data-id=\"6c35b8a\" data-element_type=\"widget\" data-e-type=\"widget\" data-widget_type=\"text-editor.default\">\n\t\t\t\t<div class=\"elementor-widget-container\">\n\t\t\t\t\t\t\t\t\t<p>Du har rettigheter i forhold til personopplysninger som omhandler deg. Hvilke rettigheter du har,<br \/>avhenger av omstendighetene. Her nevnes:<\/p>\t\t\t\t\t\t\t\t<\/div>\n\t\t\t\t<\/div>\n\t\t\t\t<div class=\"elementor-element elementor-element-f0ca616 elementor-widget elementor-widget-text-editor\" data-id=\"f0ca616\" data-element_type=\"widget\" data-e-type=\"widget\" data-widget_type=\"text-editor.default\">\n\t\t\t\t<div class=\"elementor-widget-container\">\n\t\t\t\t\t\t\t\t\t<p><strong>Trekke samtykke tilbake:<\/strong><\/p><p>Dersom du har gitt samtykke til behandling av personopplysninger, kan<br \/>du n\u00e5r som helst trekke ditt samtykke tilbake ved \u00e5 rette en henvendelse til oss om dette.<\/p>\t\t\t\t\t\t\t\t<\/div>\n\t\t\t\t<\/div>\n\t\t\t\t<div class=\"elementor-element elementor-element-2566301 elementor-widget elementor-widget-text-editor\" data-id=\"2566301\" data-element_type=\"widget\" data-e-type=\"widget\" data-widget_type=\"text-editor.default\">\n\t\t\t\t<div class=\"elementor-widget-container\">\n\t\t\t\t\t\t\t\t\t<p><strong>Be om innsyn:<\/strong><\/p><p>Alle som sp\u00f8r har krav p\u00e5 \u00e5 motta grunnleggende informasjon om hvordan en<br \/>virksomhet behandler personopplysninger. I denne erkl\u00e6ringen omtaler vi hvilke opplysninger vi<br \/>samler inn og hvordan de brukes. Dersom du er registrert i kontrollutvalgssekretariatets<br \/>datasystemer har du rett p\u00e5 innsyn i dine egne personopplysninger. Du har rett til innsyn i hvilke<br \/>personopplysninger vi har registrert om deg, s\u00e5 langt ikke taushetsplikten er til hinder for dette.<br \/>For \u00e5 sikre at personopplysninger utleveres til rett person, kan vi stille krav om at begj\u00e6ring om<br \/>innsyn skjer <span style=\"text-decoration: underline;\">skriftlig<\/span> eller at identitet verifiseres p\u00e5 annen m\u00e5te.<\/p><p>Alle henvendelser om innsyn i personopplysninger kan rettes til v\u00e5r behandlingsansvarlige, se<br \/>kontaktinformasjon oppgitt nedenfor.<\/p>\t\t\t\t\t\t\t\t<\/div>\n\t\t\t\t<\/div>\n\t\t\t\t<div class=\"elementor-element elementor-element-bc21826 elementor-widget elementor-widget-text-editor\" data-id=\"bc21826\" data-element_type=\"widget\" data-e-type=\"widget\" data-widget_type=\"text-editor.default\">\n\t\t\t\t<div class=\"elementor-widget-container\">\n\t\t\t\t\t\t\t\t\t<p><strong>Be om retting eller sletting:<\/strong><\/p><p>Du kan be oss om \u00e5 rette feilaktige\/mangelfulle opplysninger vi har<br \/>om deg eller be oss om \u00e5 slette personopplysninger. Vi vil s\u00e5 langt som mulig im\u00f8tekomme en<br \/>foresp\u00f8rsel om \u00e5 slette personopplysninger, men vi kan ikke gj\u00f8re dette dersom det er<br \/>tungtveiende grunner for ikke \u00e5 slette, for eksempel at vi m\u00e5 lagre opplysningene av<br \/>dokumentasjonshensyn. Kravet ditt vil bli behandlet innen 30 dager.<\/p>\t\t\t\t\t\t\t\t<\/div>\n\t\t\t\t<\/div>\n\t\t\t\t<div class=\"elementor-element elementor-element-e93a8b6 elementor-widget elementor-widget-text-editor\" data-id=\"e93a8b6\" data-element_type=\"widget\" data-e-type=\"widget\" data-widget_type=\"text-editor.default\">\n\t\t\t\t<div class=\"elementor-widget-container\">\n\t\t\t\t\t\t\t\t\t<p><strong>Dataportabilitet:<\/strong><\/p><p>I noen tilfeller vil du kunne ha adgang til \u00e5 f\u00e5 utlevert personopplysninger du har<br \/>oppgitt til oss for \u00e5 f\u00e5 disse overf\u00f8rt i et maskinlesbart format til et annet foretak. Dersom det er<br \/>teknisk mulig, vil det i enkelte tilfeller v\u00e6re adgang til \u00e5 f\u00e5 disse overf\u00f8rt direkte til det andre<br \/>foretaket.<\/p>\t\t\t\t\t\t\t\t<\/div>\n\t\t\t\t<\/div>\n\t\t\t\t<div class=\"elementor-element elementor-element-db98dfd elementor-widget elementor-widget-text-editor\" data-id=\"db98dfd\" data-element_type=\"widget\" data-e-type=\"widget\" data-widget_type=\"text-editor.default\">\n\t\t\t\t<div class=\"elementor-widget-container\">\n\t\t\t\t\t\t\t\t\t<p><strong>Klage til tilsynsmyndigheten:<\/strong><\/p><p>Dersom du er uenig i m\u00e5ten vi behandler dine personopplysninger<br \/>p\u00e5, kan du sende inn en klage til Datatilsynet.<\/p>\t\t\t\t\t\t\t\t<\/div>\n\t\t\t\t<\/div>\n\t\t\t\t<\/div>\n\t\t\t\t\t<\/div>\n\t\t\t\t<\/div>\n\t\t<div class=\"elementor-element elementor-element-9425d22 e-flex e-con-boxed e-con e-parent\" data-id=\"9425d22\" data-element_type=\"container\" data-e-type=\"container\">\n\t\t\t\t\t<div class=\"e-con-inner\">\n\t\t<div class=\"elementor-element elementor-element-e8c029e e-con-full e-flex e-con e-child\" data-id=\"e8c029e\" data-element_type=\"container\" data-e-type=\"container\" data-settings=\"{&quot;background_background&quot;:&quot;classic&quot;}\">\n\t\t\t\t<div class=\"elementor-element elementor-element-4c08b85 elementor-widget elementor-widget-heading\" data-id=\"4c08b85\" data-element_type=\"widget\" data-e-type=\"widget\" data-widget_type=\"heading.default\">\n\t\t\t\t<div class=\"elementor-widget-container\">\n\t\t\t\t\t<h2 class=\"elementor-heading-title elementor-size-default\">8. Alt om de nye personvernreglene<\/h2>\t\t\t\t<\/div>\n\t\t\t\t<\/div>\n\t\t\t\t<\/div>\n\t\t<div class=\"elementor-element elementor-element-53b6bc5 e-con-full e-flex e-con e-child\" data-id=\"53b6bc5\" data-element_type=\"container\" data-e-type=\"container\" data-settings=\"{&quot;background_background&quot;:&quot;classic&quot;}\">\n\t\t\t\t<div class=\"elementor-element elementor-element-98ae867 elementor-widget elementor-widget-text-editor\" data-id=\"98ae867\" data-element_type=\"widget\" data-e-type=\"widget\" data-widget_type=\"text-editor.default\">\n\t\t\t\t<div class=\"elementor-widget-container\">\n\t\t\t\t\t\t\t\t\t<p>Er du p\u00e5 jakt etter n\u00e6rmere veiledning om de nye personvernreglene?<\/p><p>Kontakt:<br \/><a href=\"https:\/\/www.datatilsynet.no\/\">www.datatilsynet.no<\/a><\/p>\t\t\t\t\t\t\t\t<\/div>\n\t\t\t\t<\/div>\n\t\t\t\t<\/div>\n\t\t\t\t\t<\/div>\n\t\t\t\t<\/div>\n\t\t<div class=\"elementor-element elementor-element-8d690da e-flex e-con-boxed e-con e-parent\" data-id=\"8d690da\" data-element_type=\"container\" data-e-type=\"container\">\n\t\t\t\t\t<div class=\"e-con-inner\">\n\t\t<div class=\"elementor-element elementor-element-42d4b98 e-con-full e-flex e-con e-child\" data-id=\"42d4b98\" data-element_type=\"container\" data-e-type=\"container\" data-settings=\"{&quot;background_background&quot;:&quot;classic&quot;}\">\n\t\t\t\t<div class=\"elementor-element elementor-element-c63a6af elementor-widget elementor-widget-heading\" data-id=\"c63a6af\" data-element_type=\"widget\" data-e-type=\"widget\" data-widget_type=\"heading.default\">\n\t\t\t\t<div class=\"elementor-widget-container\">\n\t\t\t\t\t<h2 class=\"elementor-heading-title elementor-size-default\">9. Kontakt oss<\/h2>\t\t\t\t<\/div>\n\t\t\t\t<\/div>\n\t\t\t\t<\/div>\n\t\t<div class=\"elementor-element elementor-element-7ea8556 e-con-full e-flex e-con e-child\" data-id=\"7ea8556\" data-element_type=\"container\" data-e-type=\"container\" data-settings=\"{&quot;background_background&quot;:&quot;classic&quot;}\">\n\t\t\t\t<div class=\"elementor-element elementor-element-f040d4e elementor-widget elementor-widget-text-editor\" data-id=\"f040d4e\" data-element_type=\"widget\" data-e-type=\"widget\" data-widget_type=\"text-editor.default\">\n\t\t\t\t<div class=\"elementor-widget-container\">\n\t\t\t\t\t\t\t\t\t<p>Dersom du har sp\u00f8rsm\u00e5l eller kommentarer til v\u00e5r personvernerkl\u00e6ring eller du vil ut\u00f8ve dine<br \/>rettigheter, kan du ta kontakt med oss i kontrollutvalgssekretariatet:<\/p><p>Tittel\/navn: Daglig leder Kate M. Larsen<br \/>Epost: <a href=\"mailto:Post@kusek.no\">Post@kusek.no<\/a><br \/>Telefon:<a href=\"tel:95780657\"> 957 80 657<\/a><\/p>\t\t\t\t\t\t\t\t<\/div>\n\t\t\t\t<\/div>\n\t\t\t\t<\/div>\n\t\t\t\t\t<\/div>\n\t\t\t\t<\/div>\n\t\t\t\t<\/div>","protected":false},"excerpt":{"rendered":"<p>Personvernerkl\u00e6ring for Kusek IKS Kontrollutvalgssekretariatet er ansvarlig for behandlingen av personopplysninger hos oss.\u00a0Personvernerkl\u00e6ringen handler om hvordan vi i v\u00e5rt kontrollutvalgssekretariat tar imot og\u00a0bruker informasjon om dere som kan identifiseres i v\u00e5re arkiv og datalagre. Erkl\u00e6ringen\u00a0inneholder informasjon som du har krav p\u00e5 n\u00e5r det blir samlet inn eller vi mottar\u00a0opplysninger gjennom v\u00e5r kontakt med kommuner, andre [&hellip;]<\/p>\n","protected":false},"author":2,"featured_media":0,"parent":0,"menu_order":0,"comment_status":"closed","ping_status":"closed","template":"elementor_header_footer","meta":{"_mc_calendar":[],"footnotes":""},"class_list":["post-3813","page","type-page","status-publish","hentry"],"yoast_head":"<!-- This site is optimized with the Yoast SEO plugin v27.2 - https:\/\/yoast.com\/product\/yoast-seo-wordpress\/ -->\n<title>Personvernerkl\u00e6ring - KUSEK IKS<\/title>\n<meta name=\"description\" content=\"Kontrollutvalgssekretariatet i Vest-Finnmark IKS - Oarje-Finnm\u00e1rkku D\u00e1rkkistanl\u00e1vdegotti \u010d\u00e1llingoddi SGO. KUSEK IKS utf\u00f8rer sekretariatstjeneste for kontrollutvalgene i sine 10 eierkommuner i Vest-Finnmark.\" \/>\n<meta name=\"robots\" content=\"index, follow, max-snippet:-1, max-image-preview:large, max-video-preview:-1\" \/>\n<link rel=\"canonical\" href=\"https:\/\/kusek.no\/se_sme\/personvernerklaering\/\" \/>\n<meta property=\"og:locale\" content=\"en_US\" \/>\n<meta property=\"og:type\" content=\"article\" \/>\n<meta property=\"og:title\" content=\"Personvernerkl\u00e6ring - KUSEK IKS\" \/>\n<meta property=\"og:description\" content=\"Kontrollutvalgssekretariatet i Vest-Finnmark IKS - Oarje-Finnm\u00e1rkku D\u00e1rkkistanl\u00e1vdegotti \u010d\u00e1llingoddi SGO. KUSEK IKS utf\u00f8rer sekretariatstjeneste for kontrollutvalgene i sine 10 eierkommuner i Vest-Finnmark.\" \/>\n<meta property=\"og:url\" content=\"https:\/\/kusek.no\/se_sme\/personvernerklaering\/\" \/>\n<meta property=\"og:site_name\" content=\"KUSEK IKS\" \/>\n<meta property=\"article:modified_time\" content=\"2025-11-04T07:38:05+00:00\" \/>\n<meta name=\"twitter:card\" content=\"summary_large_image\" \/>\n<meta name=\"twitter:label1\" content=\"Est. reading time\" \/>\n\t<meta name=\"twitter:data1\" content=\"8 minutes\" \/>\n<script type=\"application\/ld+json\" class=\"yoast-schema-graph\">{\"@context\":\"https:\/\/schema.org\",\"@graph\":[{\"@type\":\"WebPage\",\"@id\":\"https:\/\/kusek.no\/personvernerklaering\/\",\"url\":\"https:\/\/kusek.no\/personvernerklaering\/\",\"name\":\"Personvernerkl\u00e6ring - KUSEK IKS\",\"isPartOf\":{\"@id\":\"https:\/\/kusek.no\/#website\"},\"datePublished\":\"2024-09-24T10:36:42+00:00\",\"dateModified\":\"2025-11-04T07:38:05+00:00\",\"description\":\"Kontrollutvalgssekretariatet i Vest-Finnmark IKS - Oarje-Finnm\u00e1rkku D\u00e1rkkistanl\u00e1vdegotti \u010d\u00e1llingoddi SGO. KUSEK IKS utf\u00f8rer sekretariatstjeneste for kontrollutvalgene i sine 10 eierkommuner i Vest-Finnmark.\",\"breadcrumb\":{\"@id\":\"https:\/\/kusek.no\/personvernerklaering\/#breadcrumb\"},\"inLanguage\":\"se-sme\",\"potentialAction\":[{\"@type\":\"ReadAction\",\"target\":[\"https:\/\/kusek.no\/personvernerklaering\/\"]}]},{\"@type\":\"BreadcrumbList\",\"@id\":\"https:\/\/kusek.no\/personvernerklaering\/#breadcrumb\",\"itemListElement\":[{\"@type\":\"ListItem\",\"position\":1,\"name\":\"Home\",\"item\":\"https:\/\/kusek.no\/\"},{\"@type\":\"ListItem\",\"position\":2,\"name\":\"Personvernerkl\u00e6ring\"}]},{\"@type\":\"WebSite\",\"@id\":\"https:\/\/kusek.no\/#website\",\"url\":\"https:\/\/kusek.no\/\",\"name\":\"KUSEK IKS\",\"description\":\"Et interkommunalt selskap\",\"publisher\":{\"@id\":\"https:\/\/kusek.no\/#organization\"},\"potentialAction\":[{\"@type\":\"SearchAction\",\"target\":{\"@type\":\"EntryPoint\",\"urlTemplate\":\"https:\/\/kusek.no\/?s={search_term_string}\"},\"query-input\":{\"@type\":\"PropertyValueSpecification\",\"valueRequired\":true,\"valueName\":\"search_term_string\"}}],\"inLanguage\":\"se-sme\"},{\"@type\":\"Organization\",\"@id\":\"https:\/\/kusek.no\/#organization\",\"name\":\"Kusek IKS\",\"url\":\"https:\/\/kusek.no\/\",\"logo\":{\"@type\":\"ImageObject\",\"inLanguage\":\"se-sme\",\"@id\":\"https:\/\/kusek.no\/#\/schema\/logo\/image\/\",\"url\":\"https:\/\/kusek.no\/wp-content\/uploads\/2019\/08\/logo.png\",\"contentUrl\":\"https:\/\/kusek.no\/wp-content\/uploads\/2019\/08\/logo.png\",\"width\":104,\"height\":100,\"caption\":\"Kusek IKS\"},\"image\":{\"@id\":\"https:\/\/kusek.no\/#\/schema\/logo\/image\/\"}}]}<\/script>\n<!-- \/ Yoast SEO plugin. -->","yoast_head_json":{"title":"Personvernerkl\u00e6ring - KUSEK IKS","description":"Kontrollutvalgssekretariatet i Vest-Finnmark IKS - Oarje-Finnm\u00e1rkku D\u00e1rkkistanl\u00e1vdegotti \u010d\u00e1llingoddi SGO. KUSEK IKS utf\u00f8rer sekretariatstjeneste for kontrollutvalgene i sine 10 eierkommuner i Vest-Finnmark.","robots":{"index":"index","follow":"follow","max-snippet":"max-snippet:-1","max-image-preview":"max-image-preview:large","max-video-preview":"max-video-preview:-1"},"canonical":"https:\/\/kusek.no\/se_sme\/personvernerklaering\/","og_locale":"en_US","og_type":"article","og_title":"Personvernerkl\u00e6ring - KUSEK IKS","og_description":"Kontrollutvalgssekretariatet i Vest-Finnmark IKS - Oarje-Finnm\u00e1rkku D\u00e1rkkistanl\u00e1vdegotti \u010d\u00e1llingoddi SGO. KUSEK IKS utf\u00f8rer sekretariatstjeneste for kontrollutvalgene i sine 10 eierkommuner i Vest-Finnmark.","og_url":"https:\/\/kusek.no\/se_sme\/personvernerklaering\/","og_site_name":"KUSEK IKS","article_modified_time":"2025-11-04T07:38:05+00:00","twitter_card":"summary_large_image","twitter_misc":{"Est. reading time":"8 minutes"},"schema":{"@context":"https:\/\/schema.org","@graph":[{"@type":"WebPage","@id":"https:\/\/kusek.no\/personvernerklaering\/","url":"https:\/\/kusek.no\/personvernerklaering\/","name":"Personvernerkl\u00e6ring - KUSEK IKS","isPartOf":{"@id":"https:\/\/kusek.no\/#website"},"datePublished":"2024-09-24T10:36:42+00:00","dateModified":"2025-11-04T07:38:05+00:00","description":"Kontrollutvalgssekretariatet i Vest-Finnmark IKS - Oarje-Finnm\u00e1rkku D\u00e1rkkistanl\u00e1vdegotti \u010d\u00e1llingoddi SGO. KUSEK IKS utf\u00f8rer sekretariatstjeneste for kontrollutvalgene i sine 10 eierkommuner i Vest-Finnmark.","breadcrumb":{"@id":"https:\/\/kusek.no\/personvernerklaering\/#breadcrumb"},"inLanguage":"se-sme","potentialAction":[{"@type":"ReadAction","target":["https:\/\/kusek.no\/personvernerklaering\/"]}]},{"@type":"BreadcrumbList","@id":"https:\/\/kusek.no\/personvernerklaering\/#breadcrumb","itemListElement":[{"@type":"ListItem","position":1,"name":"Home","item":"https:\/\/kusek.no\/"},{"@type":"ListItem","position":2,"name":"Personvernerkl\u00e6ring"}]},{"@type":"WebSite","@id":"https:\/\/kusek.no\/#website","url":"https:\/\/kusek.no\/","name":"KUSEK IKS","description":"Et interkommunalt selskap","publisher":{"@id":"https:\/\/kusek.no\/#organization"},"potentialAction":[{"@type":"SearchAction","target":{"@type":"EntryPoint","urlTemplate":"https:\/\/kusek.no\/?s={search_term_string}"},"query-input":{"@type":"PropertyValueSpecification","valueRequired":true,"valueName":"search_term_string"}}],"inLanguage":"se-sme"},{"@type":"Organization","@id":"https:\/\/kusek.no\/#organization","name":"Kusek IKS","url":"https:\/\/kusek.no\/","logo":{"@type":"ImageObject","inLanguage":"se-sme","@id":"https:\/\/kusek.no\/#\/schema\/logo\/image\/","url":"https:\/\/kusek.no\/wp-content\/uploads\/2019\/08\/logo.png","contentUrl":"https:\/\/kusek.no\/wp-content\/uploads\/2019\/08\/logo.png","width":104,"height":100,"caption":"Kusek IKS"},"image":{"@id":"https:\/\/kusek.no\/#\/schema\/logo\/image\/"}}]}},"_links":{"self":[{"href":"https:\/\/kusek.no\/se_sme\/wp-json\/wp\/v2\/pages\/3813","targetHints":{"allow":["GET"]}}],"collection":[{"href":"https:\/\/kusek.no\/se_sme\/wp-json\/wp\/v2\/pages"}],"about":[{"href":"https:\/\/kusek.no\/se_sme\/wp-json\/wp\/v2\/types\/page"}],"author":[{"embeddable":true,"href":"https:\/\/kusek.no\/se_sme\/wp-json\/wp\/v2\/users\/2"}],"replies":[{"embeddable":true,"href":"https:\/\/kusek.no\/se_sme\/wp-json\/wp\/v2\/comments?post=3813"}],"version-history":[{"count":0,"href":"https:\/\/kusek.no\/se_sme\/wp-json\/wp\/v2\/pages\/3813\/revisions"}],"wp:attachment":[{"href":"https:\/\/kusek.no\/se_sme\/wp-json\/wp\/v2\/media?parent=3813"}],"curies":[{"name":"wp","href":"https:\/\/api.w.org\/{rel}","templated":true}]}}